{"id":882,"date":"2018-06-28T16:29:21","date_gmt":"2018-06-28T19:29:21","guid":{"rendered":"https:\/\/isfd163-bue.infd.edu.ar\/sitio\/profesorado-de-historia\/"},"modified":"2018-10-04T09:50:11","modified_gmt":"2018-10-04T12:50:11","slug":"profesorado-de-historia","status":"publish","type":"page","link":"https:\/\/isfd163-bue.infd.edu.ar\/sitio\/profesorado-de-historia\/","title":{"rendered":"Profesorado de Historia"},"content":{"rendered":"<table style=\"width: 970px; height: 826px;\" border=\"0\" frame=\"border\" align=\"center\">\n<tbody>\n<tr>\n<td>\n<p style=\"text-align: justify;\"><span style=\"font-size: 10pt;\">Al finalizar los dos primeros a\u00f1os del profesorado de Historia, los futuros docentes habr\u00e1n transitado por una formaci\u00f3n general con \u00e9nfasis en aspectos pedag\u00f3gicos, did\u00e1cticos y psicol\u00f3gicos y poseer\u00e1n los conocimientos cient\u00edficos b\u00e1sicos para iniciar la formaci\u00f3n espec\u00edfica en historia. En los a\u00f1os siguientes, se ofrecen espacios de formaci\u00f3n complementaria sustanciales para la adecuada formaci\u00f3n en historia, en funci\u00f3n de los requerimientos interdisciplinarios del conocimiento en la actualidad. Tal estructuraci\u00f3n garantiza, simult\u00e1neamente, el dominio de la propia disciplina y la idoneidad del egresado para desempe\u00f1arse en el Tercer Ciclo de EGB (ESB), en el \u00c1rea de Ciencias Sociales. La Formaci\u00f3n Docente de Grado en Historia para dicho Ciclo y para el Nivel Polimodal implica profundizaci\u00f3n en un saber disciplinar que integra aspectos conceptuales y procedimentales propios de las ciencias hist\u00f3rica; introducci\u00f3n en un saber areal integrado por disciplinas tales como Sociolog\u00eda, Econom\u00eda, Antropolog\u00eda y Pol\u00edtica y conocimiento sobre la ense\u00f1anza y el aprendizaje de los contenidos de la disciplina y del \u00e1rea.<\/span><\/p>\n<p style=\"text-align: justify;\"><span style=\"font-size: 10pt;\">Resulta relevante para la Formaci\u00f3n Docente el an\u00e1lisis y vinculaci\u00f3n de los conocimientos cient\u00edficos, los saberes escolares y la vida cotidiana. La ense\u00f1anza de la Historia, en consecuencia, procurar\u00e1 el desarrollo de herramientas conceptuales, anal\u00edticas y pr\u00e1cticas que posibiliten al alumno la comprensi\u00f3n de la realidad social inmediata y mediata, tanto en lo relativo a la estructura espacial y los fen\u00f3menos que le han dado lugar cuanto a las relaciones entre el presente y la interpretaci\u00f3n del pasado.<\/span><\/p>\n<p style=\"text-align: justify;\"><span style=\"font-size: 10pt;\">Los hechos y procesos sociales, hist\u00f3ricos y espaciales pueden ser considerados seg\u00fan distintas escuelas de pensamiento; cabe esperar, en consecuencia, del futuro docente de Historia, posturas din\u00e1micas, con m\u00faltiples perspectivas para la interpretaci\u00f3n la realidad. En ese marco, es importante que otorgue particular valor a la coherencia entre la postura epistemol\u00f3gica disciplinar en la que sustenta su trabajo y su pr\u00e1ctica en el aula.<\/span><\/p>\n<p style=\"text-align: justify;\"><span style=\"font-size: 10pt;\">La Historia ha sufrido \u2013en tanto disciplinas- profundos y complejos cambios en la \u00faltima mitad del siglo. Por una parte, una apertura al an\u00e1lisis de la totalidad de los fen\u00f3menos sociales ha superado los tradicionales marcos pol\u00edticos, militares y diplom\u00e1ticos; por otra, la expansi\u00f3n de la revoluci\u00f3n cient\u00edfico-tecnol\u00f3gica ha generado una nueva organizaci\u00f3n del territorio y del sistema de relaciones internacionales y ha modificado la valoraci\u00f3n de los recursos y del ambiente. Lo que se consideraba inmutable, se concibe, ahora, como una construcci\u00f3n cultural sometida a variaciones en el tiempo y el espacio. Todo ello ha determinado variaciones sustanciales en la concepci\u00f3n de los objetos de estudio, los enfoques y las metodolog\u00edas de esta disciplina.<\/span><\/p>\n<p style=\"text-align: justify;\"><span style=\"font-size: 10pt;\">La renovaci\u00f3n historiogr\u00e1fica ha rescatado como rasgos predominantes de la realidad hist\u00f3rica <em>la complejidad<\/em>, el <em>conflicto<\/em>, <em>el cambio<\/em>, <em>la permanencia<\/em>. En este enfoque, el sujeto de la historia se identifica con los hombres y mujeres concretos que desarrollan sus acciones en diferentes planos y dimensiones: econ\u00f3mico, social, pol\u00edtico, cultural.<\/span><\/p>\n<p style=\"text-align: justify;\"><span style=\"font-size: 10pt;\">Mediante la conjunci\u00f3n de los conocimientos particulares de esta disciplina, los de la formaci\u00f3n pedag\u00f3gica y los de la formaci\u00f3n especializada, los futuros docentes de Historia conocer\u00e1n distintos modelos de ense\u00f1anza -identificando las concepciones sobre la ciencia, el aprendizaje y la ense\u00f1anza escolar que subyacen en los mismos; organizar\u00e1n secuencias de contenidos y actividades, seleccionar\u00e1n recursos y estrategias de evaluaci\u00f3n espec\u00edficas y dise\u00f1ar\u00e1n acciones apropiadas para la articulaci\u00f3n interdisciplinaria y el tratamiento de temas transversales.<\/span><\/p>\n<p style=\"text-align: right;\">De Provincia de Bs. As. DGCyE: Res 13259\/99<\/p>\n<\/td>\n<\/tr>\n<\/tbody>\n<\/table>\n<p><img decoding=\"async\" loading=\"lazy\" class=\"alignnone  wp-image-1103\" src=\"https:\/\/isfd163-bue.infd.edu.ar\/sitio\/wp-content\/uploads\/2018\/10\/Diapositiva1-1-1000x563.gif\" alt=\"\" width=\"970\" height=\"547\" srcset=\"https:\/\/isfd163-bue.infd.edu.ar\/sitio\/wp-content\/uploads\/2018\/10\/Diapositiva1-1-1000x563.gif 1000w, https:\/\/isfd163-bue.infd.edu.ar\/sitio\/wp-content\/uploads\/2018\/10\/Diapositiva1-1-768x432.gif 768w\" sizes=\"(max-width: 970px) 100vw, 970px\" \/><\/p>\n<p><img decoding=\"async\" loading=\"lazy\" class=\"alignnone  wp-image-1104\" src=\"https:\/\/isfd163-bue.infd.edu.ar\/sitio\/wp-content\/uploads\/2018\/10\/Diapositiva2-1-1000x563.gif\" alt=\"\" width=\"970\" height=\"547\" srcset=\"https:\/\/isfd163-bue.infd.edu.ar\/sitio\/wp-content\/uploads\/2018\/10\/Diapositiva2-1-1000x563.gif 1000w, https:\/\/isfd163-bue.infd.edu.ar\/sitio\/wp-content\/uploads\/2018\/10\/Diapositiva2-1-768x432.gif 768w\" sizes=\"(max-width: 970px) 100vw, 970px\" \/><\/p>\n<p><img decoding=\"async\" loading=\"lazy\" class=\"alignnone  wp-image-1105\" src=\"https:\/\/isfd163-bue.infd.edu.ar\/sitio\/wp-content\/uploads\/2018\/10\/Diapositiva3-1-1000x563.gif\" alt=\"\" width=\"970\" height=\"547\" srcset=\"https:\/\/isfd163-bue.infd.edu.ar\/sitio\/wp-content\/uploads\/2018\/10\/Diapositiva3-1-1000x563.gif 1000w, https:\/\/isfd163-bue.infd.edu.ar\/sitio\/wp-content\/uploads\/2018\/10\/Diapositiva3-1-768x432.gif 768w\" sizes=\"(max-width: 970px) 100vw, 970px\" \/><\/p>\n<p><img decoding=\"async\" loading=\"lazy\" class=\"alignnone  wp-image-1106\" src=\"https:\/\/isfd163-bue.infd.edu.ar\/sitio\/wp-content\/uploads\/2018\/10\/Diapositiva4-1-1000x563.gif\" alt=\"\" width=\"970\" height=\"547\" srcset=\"https:\/\/isfd163-bue.infd.edu.ar\/sitio\/wp-content\/uploads\/2018\/10\/Diapositiva4-1-1000x563.gif 1000w, https:\/\/isfd163-bue.infd.edu.ar\/sitio\/wp-content\/uploads\/2018\/10\/Diapositiva4-1-768x432.gif 768w\" sizes=\"(max-width: 970px) 100vw, 970px\" \/><\/p>\n<p><img decoding=\"async\" loading=\"lazy\" class=\"alignnone  wp-image-1107\" src=\"https:\/\/isfd163-bue.infd.edu.ar\/sitio\/wp-content\/uploads\/2018\/10\/Diapositiva5-1-1000x563.gif\" alt=\"\" width=\"970\" height=\"547\" srcset=\"https:\/\/isfd163-bue.infd.edu.ar\/sitio\/wp-content\/uploads\/2018\/10\/Diapositiva5-1-1000x563.gif 1000w, https:\/\/isfd163-bue.infd.edu.ar\/sitio\/wp-content\/uploads\/2018\/10\/Diapositiva5-1-768x432.gif 768w\" sizes=\"(max-width: 970px) 100vw, 970px\" \/><\/p>\n","protected":false},"excerpt":{"rendered":"<p>Al finalizar los dos primeros a\u00f1os del profesorado de Historia, los futuros docentes habr\u00e1n transitado por una formaci\u00f3n general con \u00e9nfasis en aspectos pedag\u00f3gicos, did\u00e1cticos y psicol\u00f3gicos y poseer\u00e1n los conocimientos cient\u00edficos b\u00e1sicos para iniciar la formaci\u00f3n espec\u00edfica en historia. En los a\u00f1os siguientes, se ofrecen espacios de formaci\u00f3n complementaria sustanciales para la adecuada formaci\u00f3n &#8230; <a title=\"Profesorado de Historia\" class=\"read-more\" href=\"https:\/\/isfd163-bue.infd.edu.ar\/sitio\/profesorado-de-historia\/\" aria-label=\"More on Profesorado de Historia\">[+]<\/a><\/p>\n","protected":false},"author":1731,"featured_media":0,"parent":0,"menu_order":0,"comment_status":"closed","ping_status":"closed","template":"","meta":[],"acf":[],"_links":{"self":[{"href":"https:\/\/isfd163-bue.infd.edu.ar\/sitio\/wp-json\/wp\/v2\/pages\/882"}],"collection":[{"href":"https:\/\/isfd163-bue.infd.edu.ar\/sitio\/wp-json\/wp\/v2\/pages"}],"about":[{"href":"https:\/\/isfd163-bue.infd.edu.ar\/sitio\/wp-json\/wp\/v2\/types\/page"}],"author":[{"embeddable":true,"href":"https:\/\/isfd163-bue.infd.edu.ar\/sitio\/wp-json\/wp\/v2\/users\/1731"}],"replies":[{"embeddable":true,"href":"https:\/\/isfd163-bue.infd.edu.ar\/sitio\/wp-json\/wp\/v2\/comments?post=882"}],"version-history":[{"count":2,"href":"https:\/\/isfd163-bue.infd.edu.ar\/sitio\/wp-json\/wp\/v2\/pages\/882\/revisions"}],"predecessor-version":[{"id":1801,"href":"https:\/\/isfd163-bue.infd.edu.ar\/sitio\/wp-json\/wp\/v2\/pages\/882\/revisions\/1801"}],"wp:attachment":[{"href":"https:\/\/isfd163-bue.infd.edu.ar\/sitio\/wp-json\/wp\/v2\/media?parent=882"}],"curies":[{"name":"wp","href":"https:\/\/api.w.org\/{rel}","templated":true}]}}