{"id":901,"date":"2018-06-28T16:29:29","date_gmt":"2018-06-28T19:29:29","guid":{"rendered":"https:\/\/isfd163-bue.infd.edu.ar\/sitio\/planes-de-estudio\/"},"modified":"2024-06-12T15:41:13","modified_gmt":"2024-06-12T18:41:13","slug":"planes-de-estudio","status":"publish","type":"page","link":"https:\/\/isfd163-bue.infd.edu.ar\/sitio\/planes-de-estudio\/","title":{"rendered":"Planes de estudio"},"content":{"rendered":"<table style=\"width: 700px; border-color: #242561; background-color: #ccf0ec; height: 1555px; margin-left: auto; margin-right: auto;\" border=\"2\">\n<tbody>\n<tr>\n<td style=\"width: 764px; text-align: center; vertical-align: middle;\" colspan=\"5\">\n<p style=\"text-align: center;\"><strong>\u00a0 \u00a0 \u00a0 <span style=\"font-family: 'andale mono', monospace; font-size: 14pt;\">Carreras y planes de estudio a partir de 2023<\/span><\/strong><\/p>\n<\/td>\n<\/tr>\n<tr>\n<td style=\"width: 141px;\">\n<p style=\"text-align: center;\"><span style=\"font-family: 'andale mono', monospace; font-size: 12pt;\"><strong>Denominaci\u00f3n de la Carrera<\/strong><\/span><\/p>\n<\/td>\n<td style=\"width: 144px;\">\n<p style=\"text-align: center;\"><span style=\"font-family: 'andale mono', monospace; font-size: 12pt;\"><strong>Denominaci\u00f3n actual de los t\u00edtulos<\/strong><\/span><\/p>\n<\/td>\n<td style=\"width: 134px;\">\n<p style=\"text-align: center;\"><span style=\"font-family: 'andale mono', monospace; font-size: 12pt;\"><strong>N\u00ba de Resoluciones que certifican la titulaci\u00f3n<\/strong><\/span><\/p>\n<\/td>\n<td style=\"width: 176px;\">\n<p style=\"text-align: center;\"><span style=\"font-family: 'andale mono', monospace; font-size: 12pt;\"><strong>Resoluciones que componen el Dise\u00f1o<\/strong><\/span><\/p>\n<\/td>\n<td style=\"width: 169px;\">\u00a0<\/td>\n<\/tr>\n<tr>\n<td style=\"width: 141px; text-align: center;\"><span style=\"font-weight: 400; font-family: 'andale mono', monospace; font-size: 10pt; color: #ff0000;\">Profesorado de Biolog\u00eda<\/span><\/td>\n<td style=\"width: 144px; text-align: center;\"><span style=\"font-weight: 400; font-family: 'andale mono', monospace; font-size: 10pt;\">Profesor de educaci\u00f3n secundaria en Biolog\u00eda<\/span><\/td>\n<td style=\"width: 134px; text-align: center;\">\n<h6><span style=\"font-family: 'andale mono', monospace; font-size: 10pt;\"><span style=\"font-weight: 400;\">RES N\u00b0\u00a0<\/span><\/span><\/h6>\n<h6>3605\/22<\/h6>\n<\/td>\n<td style=\"width: 176px; text-align: left;\">\n<h6><a href=\"https:\/\/abc.gob.ar\/secretarias\/sites\/default\/files\/2023-02\/IF-2022-40270491-GDEBA-SSEDGCYE%20Y%20BIOLOG%C3%8DA_compressed.pdf\">Dise\u00f1o Curricular<\/a><\/h6>\n<\/td>\n<td style=\"width: 169px; text-align: center;\">\u00a0<\/td>\n<\/tr>\n<tr>\n<td style=\"width: 141px; text-align: center;\">\n<p><span style=\"font-weight: 400; font-family: 'andale mono', monospace; font-size: 10pt; color: #ff0000;\">Profesorado de Historia<\/span><\/p>\n<\/td>\n<td style=\"width: 144px; text-align: center;\"><span style=\"font-weight: 400; font-family: 'andale mono', monospace; font-size: 10pt;\">Profesor de educaci\u00f3n secundaria en Historia<\/span><\/td>\n<td style=\"width: 134px; text-align: center;\"><span style=\"font-family: 'andale mono', monospace; font-size: 10pt;\"><span style=\"font-family: 'andale mono', monospace; font-size: 10pt;\"><span style=\"font-weight: 400;\">RES N\u00b0 3609\/22<\/span><\/span><\/span><\/td>\n<td style=\"width: 176px; text-align: left;\">\n<h6><a href=\"https:\/\/abc.gob.ar\/secretarias\/sites\/default\/files\/2023-02\/IF-2022-40273352-GDEBA-SSEDGCYE%20HISTORIA_compressed.pdf\">Dise\u00f1o Curricular<\/a><\/h6>\n<\/td>\n<td style=\"width: 169px; text-align: center;\">\u00a0<\/td>\n<\/tr>\n<tr>\n<td style=\"width: 141px; text-align: center;\"><span style=\"color: #ff0000;\"><strong><span style=\"font-family: 'andale mono', monospace; font-size: 10pt;\">Profesorado de Geograf\u00eda<\/span><\/strong><\/span><\/td>\n<td style=\"width: 144px; text-align: center;\"><span style=\"font-weight: 400; font-family: 'andale mono', monospace; font-size: 10pt;\">Profesor de educaci\u00f3n secundaria en Geograf\u00eda<\/span><\/td>\n<td style=\"width: 134px; text-align: center;\">RES N\u00b0 3608\/22<\/td>\n<td style=\"width: 176px; text-align: left;\">\n<h6><a href=\"https:\/\/abc.gob.ar\/secretarias\/sites\/default\/files\/2023-02\/IF-2022-40272975-GDEBA-SSEDGCYE%20Y%20GEOGRAF%C3%8DA_compressed.pdf\">Dise\u00f1o Curricular<\/a><\/h6>\n<\/td>\n<td style=\"width: 169px; text-align: center;\">\u00a0<\/td>\n<\/tr>\n<tr>\n<td style=\"width: 141px; text-align: center;\">\u00a0<\/td>\n<td style=\"width: 144px; text-align: center;\">\u00a0<\/td>\n<td style=\"width: 134px; text-align: center;\">\u00a0<\/td>\n<td style=\"width: 176px; text-align: left;\">\u00a0<\/td>\n<td style=\"width: 169px; text-align: center;\">\u00a0<\/td>\n<\/tr>\n<tr>\n<td style=\"width: 141px; text-align: center;\">\u00a0<\/td>\n<td style=\"width: 144px; text-align: center;\">\u00a0<\/td>\n<td style=\"width: 134px; text-align: center;\">\u00a0<\/td>\n<td style=\"width: 176px; text-align: left;\">\u00a0<\/td>\n<td style=\"width: 169px; text-align: center;\">\u00a0<\/td>\n<\/tr>\n<tr>\n<td style=\"width: 764px;\" colspan=\"5\">\n<p style=\"text-align: center;\"><span style=\"font-family: 'andale mono', monospace; font-size: 14pt;\"><strong>Carreras con planes de estudio nuevos a partir de 2018<\/strong><\/span><\/p>\n<\/td>\n<\/tr>\n<tr>\n<td style=\"width: 141px; text-align: center;\"><span style=\"font-size: 12pt;\"><strong><span style=\"font-family: 'andale mono', monospace;\">Denominaci\u00f3n de la Carrera<\/span><\/strong><\/span><\/td>\n<td style=\"width: 144px; text-align: center;\"><span style=\"font-size: 12pt;\"><strong><span style=\"font-family: 'andale mono', monospace;\">Denominaci\u00f3n actual de los t\u00edtulos<\/span><\/strong><\/span><\/td>\n<td style=\"width: 134px; text-align: center;\"><span style=\"font-size: 12pt;\"><strong><span style=\"font-family: 'andale mono', monospace;\">N\u00ba de Resoluciones que certifican la titulaci\u00f3n<\/span><\/strong><\/span><\/td>\n<td style=\"width: 176px; text-align: center;\"><span style=\"font-size: 12pt;\"><strong><span style=\"font-family: 'andale mono', monospace;\">Resoluciones que componen el Dise\u00f1o<\/span><\/strong><\/span><\/td>\n<td style=\"width: 169px;\">\u00a0<\/td>\n<\/tr>\n<tr>\n<td style=\"width: 141px; text-align: center;\"><span style=\"font-weight: 400; font-family: 'andale mono', monospace; font-size: 10pt; color: #ff0000;\">Profesorado de Educaci\u00f3n Secundaria en Matem\u00e1tica<\/span><\/td>\n<td style=\"width: 144px; text-align: center;\"><span style=\"font-weight: 400; font-family: 'andale mono', monospace; font-size: 10pt;\">Profesor\/a de Educaci\u00f3n Secundaria en Matem\u00e1tica<\/span><\/td>\n<td style=\"width: 134px; text-align: center;\"><span style=\"font-family: 'andale mono', monospace; font-size: 10pt;\">RE SFC-2017 &#8211; 1861-E-GDBEBA &#8211; DGCYE\u00a0\u00a0<\/span><\/td>\n<td style=\"width: 176px; text-align: center;\"><span style=\"font-family: 'andale mono', monospace; font-size: 10pt;\"><a href=\"https:\/\/drive.google.com\/file\/d\/12TLjI_8nwfTfB5g91Vr61f0mAJCPn4YF\/view?usp=sharing\"><strong>Descargar Dise\u00f1o curricular<\/strong><\/a><\/span><\/td>\n<td style=\"width: 169px; text-align: center;\"><span style=\"font-family: 'andale mono', monospace; font-size: 10pt;\"><a href=\"https:\/\/drive.google.com\/file\/d\/1p0QkNDOONArvzgCwHAx4pUkiERtF5One\/view?usp=sharing\"><strong>Descargar caja curricular<\/strong><\/a><\/span>\n<p>\u00a0<\/p>\n<p><span style=\"font-family: 'andale mono', monospace; font-size: 10pt;\"><a href=\"https:\/\/drive.google.com\/file\/d\/1vuXx9bPb_JmQFmAZnKe7iIlaLZy1gnJk\/view?usp=sharing\"><strong>Descargar correlatividades<\/strong><\/a><\/span><\/p>\n<\/td>\n<\/tr>\n<tr>\n<td style=\"width: 141px; text-align: center;\"><span style=\"font-weight: 400; font-family: 'andale mono', monospace; font-size: 10pt; color: #ff0000;\">Profesorado de Ingl\u00e9s<\/span><\/td>\n<td style=\"width: 144px; text-align: center;\"><span style=\"font-weight: 400; font-family: 'andale mono', monospace; font-size: 10pt;\">Profesor\/a de Ingl\u00e9s para el Nivel Primario y Secundario<\/span><\/td>\n<td style=\"width: 134px; text-align: center;\"><span style=\"font-family: 'andale mono', monospace; font-size: 10pt;\">RE SFC-2017 &#8211; 1860-E-GDBEBA &#8211; DGCYE\u00a0<\/span><\/td>\n<td style=\"width: 176px; text-align: center;\"><span style=\"font-family: 'andale mono', monospace; font-size: 10pt;\"><a href=\"https:\/\/drive.google.com\/file\/d\/1KQ33fgkd2ALnljmjykuA0mJISYf9kLZG\/view?usp=sharing\"><strong>Descargar Dise\u00f1o curricular<\/strong><\/a><\/span><\/td>\n<td style=\"width: 169px; text-align: center;\"><span style=\"font-family: 'andale mono', monospace; font-size: 10pt;\"><a href=\"https:\/\/drive.google.com\/file\/d\/1KOMY2KU_JNGffOgH7IVP-Xqznngpa-_6\/view?usp=sharing\"><strong>Descargar caja curricular<\/strong><\/a><\/span>\n<p>\u00a0<\/p>\n<p><span style=\"font-family: 'andale mono', monospace; font-size: 10pt;\"><a href=\"https:\/\/drive.google.com\/file\/d\/1lwGyuf2o91rYg9KczddgmXUrVYkPIEmV\/view?usp=sharing\"><strong>Descargar correlatividades<\/strong><\/a><\/span><\/p>\n<\/td>\n<\/tr>\n<tr>\n<td style=\"width: 141px; text-align: center;\"><span style=\"font-weight: 400; font-family: 'andale mono', monospace; font-size: 10pt; color: #ff0000;\">Profesorado de Educaci\u00f3n Secundaria en Lengua y Literatura<\/span><\/td>\n<td style=\"width: 144px; text-align: center;\"><span style=\"font-weight: 400; font-family: 'andale mono', monospace; font-size: 10pt;\">Profesor\/a de Educaci\u00f3n Secundaria en Lengua y Literatura<\/span><\/td>\n<td style=\"width: 134px; text-align: center;\"><span style=\"font-family: 'andale mono', monospace; font-size: 10pt;\">RE SFC-2017 &#8211; 1862-E-GDBEBA &#8211; DGCYE\u00a0\u00a0<\/span><\/td>\n<td style=\"width: 176px; text-align: center;\"><span style=\"font-family: 'andale mono', monospace; font-size: 10pt;\"><a href=\"https:\/\/drive.google.com\/file\/d\/1LEUyzYZ9Epedv2FAW3fiJyEIeNXLS0Mt\/view?usp=sharing\"><strong>Descargar Dise\u00f1o curricular<\/strong><\/a><\/span><\/td>\n<td style=\"width: 169px; text-align: center;\"><span style=\"font-family: 'andale mono', monospace; font-size: 10pt;\"><a href=\"https:\/\/drive.google.com\/file\/d\/1hWhkk0HUJFe6mWoz5saP0jDt2ZsGRExD\/view?usp=sharing\"><strong>Descargar caja curricular<\/strong><\/a><\/span>\n<p>\u00a0<\/p>\n<p><span style=\"font-family: 'andale mono', monospace; font-size: 10pt;\"><a href=\"https:\/\/drive.google.com\/file\/d\/1KW9V7KIcri9rKi7PZ0ZDY1n5TnRt1_-I\/view?usp=sharing\"><strong>Descargar correlatividades<\/strong><\/a><\/span><\/p>\n<\/td>\n<\/tr>\n<\/tbody>\n<\/table>\n<p><span style=\"color: #ff6600;\"><strong><span style=\"font-size: 12pt; font-family: courier new,courier;\">\u00a0Planes a\u00fan vigentes para 3ro y 4to a\u00f1o<\/span><\/strong><\/span><\/p>\n<p><a href=\"https:\/\/abc.gob.ar\/secretarias\/sites\/default\/files\/2021-05\/Dise%C3%B1o%20Curricular%20Profesorado%20de%20Biolog%C3%ADa.pdf\">Biolog\u00eda<\/a>, <a href=\"https:\/\/abc.gob.ar\/secretarias\/sites\/default\/files\/2021-05\/Dise%C3%B1o%20Curricular%20Profesorado%20de%20Historia%20y%20Geograf%C3%ADa.pdf\">Geograf\u00eda e Historia\u00a0<\/a><\/p>\n<p>\u00a0<\/p>\n\n\n<p><\/p>\n","protected":false},"excerpt":{"rendered":"<p>\u00a0 \u00a0 \u00a0 Carreras y planes de estudio a partir de 2023 Denominaci\u00f3n de la Carrera Denominaci\u00f3n actual de los t\u00edtulos N\u00ba de Resoluciones que certifican la titulaci\u00f3n Resoluciones que componen el Dise\u00f1o \u00a0 Profesorado de Biolog\u00eda Profesor de educaci\u00f3n secundaria en Biolog\u00eda RES N\u00b0\u00a0 3605\/22 Dise\u00f1o Curricular \u00a0 Profesorado de Historia Profesor de educaci\u00f3n &#8230; <a title=\"Planes de estudio\" class=\"read-more\" href=\"https:\/\/isfd163-bue.infd.edu.ar\/sitio\/planes-de-estudio\/\" aria-label=\"More on Planes de estudio\">[+]<\/a><\/p>\n","protected":false},"author":1731,"featured_media":0,"parent":0,"menu_order":0,"comment_status":"closed","ping_status":"closed","template":"","meta":[],"acf":[],"_links":{"self":[{"href":"https:\/\/isfd163-bue.infd.edu.ar\/sitio\/wp-json\/wp\/v2\/pages\/901"}],"collection":[{"href":"https:\/\/isfd163-bue.infd.edu.ar\/sitio\/wp-json\/wp\/v2\/pages"}],"about":[{"href":"https:\/\/isfd163-bue.infd.edu.ar\/sitio\/wp-json\/wp\/v2\/types\/page"}],"author":[{"embeddable":true,"href":"https:\/\/isfd163-bue.infd.edu.ar\/sitio\/wp-json\/wp\/v2\/users\/1731"}],"replies":[{"embeddable":true,"href":"https:\/\/isfd163-bue.infd.edu.ar\/sitio\/wp-json\/wp\/v2\/comments?post=901"}],"version-history":[{"count":10,"href":"https:\/\/isfd163-bue.infd.edu.ar\/sitio\/wp-json\/wp\/v2\/pages\/901\/revisions"}],"predecessor-version":[{"id":2012,"href":"https:\/\/isfd163-bue.infd.edu.ar\/sitio\/wp-json\/wp\/v2\/pages\/901\/revisions\/2012"}],"wp:attachment":[{"href":"https:\/\/isfd163-bue.infd.edu.ar\/sitio\/wp-json\/wp\/v2\/media?parent=901"}],"curies":[{"name":"wp","href":"https:\/\/api.w.org\/{rel}","templated":true}]}}